{"id":8,"date":"2018-09-13T12:00:16","date_gmt":"2018-09-13T10:00:16","guid":{"rendered":"http:\/\/niveole.fr\/?page_id=8"},"modified":"2019-06-10T15:34:31","modified_gmt":"2019-06-10T13:34:31","slug":"accueil","status":"publish","type":"page","link":"https:\/\/niveole.fr\/","title":{"rendered":"Accueil"},"content":{"rendered":"<h1 class=\"col-md-5\">Mon parcours<\/h1>\n<p>C\u2019est avec pr\u00e8s de 10 ans d\u2019exp\u00e9rience au contact des chefs d\u2019entreprise que je me pr\u00e9sente \u00e0 vous.<\/p>\n<p>Responsable de la plateforme Bugey Initiative (Initiative France) puis charg\u00e9 de d\u00e9veloppement des outils d\u2019aide \u00e0 la cr\u00e9ation d\u2019entreprise du r\u00e9seau France Active dans la Loire, j\u2019ai accompagn\u00e9 pendant plusieurs ann\u00e9es de nombreux entrepreneurs en d\u00e9marrage. Ces ann\u00e9es m\u2019ont permis d\u2019acqu\u00e9rir une vision solide de la cr\u00e9ation d\u2019entreprise.<\/p>\n<p>Par la suite, j\u2019ai souhait\u00e9 renforcer ma palette d\u2019outils. J\u2019ai ainsi accept\u00e9 un poste au sein d\u2019<span><a href=\"http:\/\/www.initiative-bellegarde-pays-de-gex.com\/\">IBPG<\/a><\/span> pour pouvoir r\u00e9pondre notamment \u00e0 des probl\u00e9matiques d\u2019entreprise innovantes ou en d\u00e9veloppement :<\/p>\n<ul>\n<li>R\u00e9orientation strat\u00e9gique<\/li>\n<li>lev\u00e9e de fonds<\/li>\n<li>organisation du temps<\/li>\n<li>gestion financi\u00e8re<\/li>\n<li>gestion du personnel \u2026<\/li>\n<li>d\u00e9finition de l\u2019innovation<\/li>\n<\/ul>\n<p>\u2026 sont autant de probl\u00e9matiques sur lesquelles j\u2019ai accompagn\u00e9 les dirigeants du Pays de Gex et du Pays Bellegardien.<\/p>\n<p>C\u2019est donc arm\u00e9 de ces connaissances et de ce savoir-faire que je me pr\u00e9sente \u00e0 vous aujourd\u2019hui.<\/p>\n<div class=\"col-md-6 col-md-offset-1\"><\/div>\n","protected":false},"excerpt":{"rendered":"<p>Mon parcours C\u2019est avec pr\u00e8s de 10 ans d\u2019exp\u00e9rience au contact des chefs d\u2019entreprise que je me pr\u00e9sente \u00e0 vous. Responsable de la plateforme Bugey Initiative (Initiative France) puis charg\u00e9 de d\u00e9veloppement des outils d\u2019aide \u00e0 la cr\u00e9ation d\u2019entreprise du r\u00e9seau France Active dans la Loire, j\u2019ai accompagn\u00e9 pendant plusieurs [&hellip;]<\/p>\n","protected":false},"author":1,"featured_media":77,"parent":0,"menu_order":0,"comment_status":"closed","ping_status":"closed","template":"","meta":[],"_links":{"self":[{"href":"https:\/\/niveole.fr\/index.php\/wp-json\/wp\/v2\/pages\/8"}],"collection":[{"href":"https:\/\/niveole.fr\/index.php\/wp-json\/wp\/v2\/pages"}],"about":[{"href":"https:\/\/niveole.fr\/index.php\/wp-json\/wp\/v2\/types\/page"}],"author":[{"embeddable":true,"href":"https:\/\/niveole.fr\/index.php\/wp-json\/wp\/v2\/users\/1"}],"replies":[{"embeddable":true,"href":"https:\/\/niveole.fr\/index.php\/wp-json\/wp\/v2\/comments?post=8"}],"version-history":[{"count":9,"href":"https:\/\/niveole.fr\/index.php\/wp-json\/wp\/v2\/pages\/8\/revisions"}],"predecessor-version":[{"id":136,"href":"https:\/\/niveole.fr\/index.php\/wp-json\/wp\/v2\/pages\/8\/revisions\/136"}],"wp:featuredmedia":[{"embeddable":true,"href":"https:\/\/niveole.fr\/index.php\/wp-json\/wp\/v2\/media\/77"}],"wp:attachment":[{"href":"https:\/\/niveole.fr\/index.php\/wp-json\/wp\/v2\/media?parent=8"}],"curies":[{"name":"wp","href":"https:\/\/api.w.org\/{rel}","templated":true}]}}